{"version":"1.0","provider_name":"Katedra Pojazd\u00f3w Szynowych i Transportu","provider_url":"https:\/\/m8.mech.pk.edu.pl","author_name":"Maciej","author_url":"https:\/\/m8.mech.pk.edu.pl\/index.php\/author\/mgorowski\/","title":"Przedstawiciele KPSiT na Forum Ekonomicznym - Katedra Pojazd\u00f3w Szynowych i Transportu","type":"rich","width":600,"height":338,"html":"<blockquote class=\"wp-embedded-content\" data-secret=\"1UA2cP308H\"><a href=\"https:\/\/m8.mech.pk.edu.pl\/index.php\/2024\/09\/06\/przedstawiciele-kpsit-na-forum-ekonomicznym\/\">Przedstawiciele KPSiT na Forum Ekonomicznym<\/a><\/blockquote><iframe sandbox=\"allow-scripts\" security=\"restricted\" src=\"https:\/\/m8.mech.pk.edu.pl\/index.php\/2024\/09\/06\/przedstawiciele-kpsit-na-forum-ekonomicznym\/embed\/#?secret=1UA2cP308H\" width=\"600\" height=\"338\" title=\"&#8222;Przedstawiciele KPSiT na Forum Ekonomicznym&#8221; &#8212; Katedra Pojazd\u00f3w Szynowych i Transportu\" data-secret=\"1UA2cP308H\" frameborder=\"0\" marginwidth=\"0\" marginheight=\"0\" scrolling=\"no\" class=\"wp-embedded-content\"><\/iframe><script type=\"text\/javascript\">\n\/* <![CDATA[ *\/\n\/*! This file is auto-generated *\/\n!function(d,l){\"use strict\";l.querySelector&&d.addEventListener&&\"undefined\"!=typeof URL&&(d.wp=d.wp||{},d.wp.receiveEmbedMessage||(d.wp.receiveEmbedMessage=function(e){var t=e.data;if((t||t.secret||t.message||t.value)&&!\/[^a-zA-Z0-9]\/.test(t.secret)){for(var s,r,n,a=l.querySelectorAll('iframe[data-secret=\"'+t.secret+'\"]'),o=l.querySelectorAll('blockquote[data-secret=\"'+t.secret+'\"]'),c=new RegExp(\"^https?:$\",\"i\"),i=0;i<o.length;i++)o[i].style.display=\"none\";for(i=0;i<a.length;i++)s=a[i],e.source===s.contentWindow&&(s.removeAttribute(\"style\"),\"height\"===t.message?(1e3<(r=parseInt(t.value,10))?r=1e3:~~r<200&&(r=200),s.height=r):\"link\"===t.message&&(r=new URL(s.getAttribute(\"src\")),n=new URL(t.value),c.test(n.protocol))&&n.host===r.host&&l.activeElement===s&&(d.top.location.href=t.value))}},d.addEventListener(\"message\",d.wp.receiveEmbedMessage,!1),l.addEventListener(\"DOMContentLoaded\",function(){for(var e,t,s=l.querySelectorAll(\"iframe.wp-embedded-content\"),r=0;r<s.length;r++)(t=(e=s[r]).getAttribute(\"data-secret\"))||(t=Math.random().toString(36).substring(2,12),e.src+=\"#?secret=\"+t,e.setAttribute(\"data-secret\",t)),e.contentWindow.postMessage({message:\"ready\",secret:t},\"*\")},!1)))}(window,document);\n\/\/# sourceURL=https:\/\/m8.mech.pk.edu.pl\/wp-includes\/js\/wp-embed.min.js\n\/* ]]> *\/\n<\/script>\n","thumbnail_url":"https:\/\/m8.mech.pk.edu.pl\/wp-content\/uploads\/2024\/09\/458395109_1070977451695079_258545678134726150_n.jpg","thumbnail_width":1202,"thumbnail_height":861,"description":"Z wielk\u0105 przyjemno\u015bci\u0105 informujemy, \u017ce w dniach 3-5.09.2024 dr hab. in\u017c. Maciej Szkoda, prof. PK oraz dr in\u017c. Maciej Michnej reprezentowali nasz\u0105 Katedr\u0119 na XXXIII Forum Ekonomicznym w Karpaczu. Poza inicjowaniem kontakt\u00f3w spo\u0142eczno-gospodarczych odpowiedzialni byli za koordynacj\u0119 i udzia\u0142 merytoryczny w trzech panelach dyskusyjnych:1. \u201eWod\u00f3r &#8211; paliwo przysz\u0142o\u015bci\u201d \u2013 moderator prof. dr hab. in\u017c. Marek [&hellip;]"}