{"version":"1.0","provider_name":"Katedra Pojazd\u00f3w Szynowych i Transportu","provider_url":"https:\/\/m8.mech.pk.edu.pl","author_name":"Maciej","author_url":"https:\/\/m8.mech.pk.edu.pl\/index.php\/author\/mgorowski\/","title":"\"Wystarczy 1 metr\" i akcja edukacyjna \"UWA\u017bAJ! TRAMWAJ!\" - Katedra Pojazd\u00f3w Szynowych i Transportu","type":"rich","width":600,"height":338,"html":"<blockquote class=\"wp-embedded-content\" data-secret=\"g7ZyXScWLM\"><a href=\"https:\/\/m8.mech.pk.edu.pl\/index.php\/2024\/03\/18\/wystarczy-1-metr-i-akcja-edukacyjna-uwazaj-tramwaj\/\">&#8222;Wystarczy 1 metr&#8221; i akcja edukacyjna &#8222;UWA\u017bAJ! TRAMWAJ!&#8221;<\/a><\/blockquote><iframe sandbox=\"allow-scripts\" security=\"restricted\" src=\"https:\/\/m8.mech.pk.edu.pl\/index.php\/2024\/03\/18\/wystarczy-1-metr-i-akcja-edukacyjna-uwazaj-tramwaj\/embed\/#?secret=g7ZyXScWLM\" width=\"600\" height=\"338\" title=\"&#8222;&#8222;Wystarczy 1 metr&#8221; i akcja edukacyjna &#8222;UWA\u017bAJ! TRAMWAJ!&#8221;&#8221; &#8212; Katedra Pojazd\u00f3w Szynowych i Transportu\" data-secret=\"g7ZyXScWLM\" frameborder=\"0\" marginwidth=\"0\" marginheight=\"0\" scrolling=\"no\" class=\"wp-embedded-content\"><\/iframe><script type=\"text\/javascript\">\n\/* <![CDATA[ *\/\n\/*! This file is auto-generated *\/\n!function(d,l){\"use strict\";l.querySelector&&d.addEventListener&&\"undefined\"!=typeof URL&&(d.wp=d.wp||{},d.wp.receiveEmbedMessage||(d.wp.receiveEmbedMessage=function(e){var t=e.data;if((t||t.secret||t.message||t.value)&&!\/[^a-zA-Z0-9]\/.test(t.secret)){for(var s,r,n,a=l.querySelectorAll('iframe[data-secret=\"'+t.secret+'\"]'),o=l.querySelectorAll('blockquote[data-secret=\"'+t.secret+'\"]'),c=new RegExp(\"^https?:$\",\"i\"),i=0;i<o.length;i++)o[i].style.display=\"none\";for(i=0;i<a.length;i++)s=a[i],e.source===s.contentWindow&&(s.removeAttribute(\"style\"),\"height\"===t.message?(1e3<(r=parseInt(t.value,10))?r=1e3:~~r<200&&(r=200),s.height=r):\"link\"===t.message&&(r=new URL(s.getAttribute(\"src\")),n=new URL(t.value),c.test(n.protocol))&&n.host===r.host&&l.activeElement===s&&(d.top.location.href=t.value))}},d.addEventListener(\"message\",d.wp.receiveEmbedMessage,!1),l.addEventListener(\"DOMContentLoaded\",function(){for(var e,t,s=l.querySelectorAll(\"iframe.wp-embedded-content\"),r=0;r<s.length;r++)(t=(e=s[r]).getAttribute(\"data-secret\"))||(t=Math.random().toString(36).substring(2,12),e.src+=\"#?secret=\"+t,e.setAttribute(\"data-secret\",t)),e.contentWindow.postMessage({message:\"ready\",secret:t},\"*\")},!1)))}(window,document);\n\/\/# sourceURL=https:\/\/m8.mech.pk.edu.pl\/wp-includes\/js\/wp-embed.min.js\n\/* ]]> *\/\n<\/script>\n","thumbnail_url":"https:\/\/m8.mech.pk.edu.pl\/wp-content\/uploads\/2024\/03\/1710768911896.jpeg","thumbnail_width":800,"thumbnail_height":533,"description":"W dniach od 18 do 22 marca, na ulicach w centrum miasta patrole Stra\u017cy Miejskiej i inspektor\u00f3w ruchu krakowskiego MPK pilnuj\u0105, czy kierowcy samochod\u00f3w prawid\u0142owo parkuj\u0105 i nie blokuj\u0105 przejazdu przede wszystkim tramwajom. To ju\u017c kolejna edycja akcji krakowskiego przewo\u017anika pod has\u0142em \u201eWystarczy 1 metr\u201d. Jej celem jest cz\u0119sta kontrola ulic w centrum miasta, szczeg\u00f3lnie [&hellip;]"}