{"version":"1.0","provider_name":"Katedra Pojazd\u00f3w Szynowych i Transportu","provider_url":"https:\/\/m8.mech.pk.edu.pl","author_name":"Maciej","author_url":"https:\/\/m8.mech.pk.edu.pl\/index.php\/author\/mgorowski\/","title":"Projekt in\u017cynierski nagrodzony w konkursie - Katedra Pojazd\u00f3w Szynowych i Transportu","type":"rich","width":600,"height":338,"html":"<blockquote class=\"wp-embedded-content\" data-secret=\"c0bkbluJd4\"><a href=\"https:\/\/m8.mech.pk.edu.pl\/index.php\/2021\/04\/07\/projekt-inzynierski-nagrodzony-w-konkursie\/\">Projekt in\u017cynierski nagrodzony w konkursie<\/a><\/blockquote><iframe sandbox=\"allow-scripts\" security=\"restricted\" src=\"https:\/\/m8.mech.pk.edu.pl\/index.php\/2021\/04\/07\/projekt-inzynierski-nagrodzony-w-konkursie\/embed\/#?secret=c0bkbluJd4\" width=\"600\" height=\"338\" title=\"&#8222;Projekt in\u017cynierski nagrodzony w konkursie&#8221; &#8212; Katedra Pojazd\u00f3w Szynowych i Transportu\" data-secret=\"c0bkbluJd4\" frameborder=\"0\" marginwidth=\"0\" marginheight=\"0\" scrolling=\"no\" class=\"wp-embedded-content\"><\/iframe><script type=\"text\/javascript\">\n\/* <![CDATA[ *\/\n\/*! This file is auto-generated *\/\n!function(d,l){\"use strict\";l.querySelector&&d.addEventListener&&\"undefined\"!=typeof URL&&(d.wp=d.wp||{},d.wp.receiveEmbedMessage||(d.wp.receiveEmbedMessage=function(e){var t=e.data;if((t||t.secret||t.message||t.value)&&!\/[^a-zA-Z0-9]\/.test(t.secret)){for(var s,r,n,a=l.querySelectorAll('iframe[data-secret=\"'+t.secret+'\"]'),o=l.querySelectorAll('blockquote[data-secret=\"'+t.secret+'\"]'),c=new RegExp(\"^https?:$\",\"i\"),i=0;i<o.length;i++)o[i].style.display=\"none\";for(i=0;i<a.length;i++)s=a[i],e.source===s.contentWindow&&(s.removeAttribute(\"style\"),\"height\"===t.message?(1e3<(r=parseInt(t.value,10))?r=1e3:~~r<200&&(r=200),s.height=r):\"link\"===t.message&&(r=new URL(s.getAttribute(\"src\")),n=new URL(t.value),c.test(n.protocol))&&n.host===r.host&&l.activeElement===s&&(d.top.location.href=t.value))}},d.addEventListener(\"message\",d.wp.receiveEmbedMessage,!1),l.addEventListener(\"DOMContentLoaded\",function(){for(var e,t,s=l.querySelectorAll(\"iframe.wp-embedded-content\"),r=0;r<s.length;r++)(t=(e=s[r]).getAttribute(\"data-secret\"))||(t=Math.random().toString(36).substring(2,12),e.src+=\"#?secret=\"+t,e.setAttribute(\"data-secret\",t)),e.contentWindow.postMessage({message:\"ready\",secret:t},\"*\")},!1)))}(window,document);\n\/\/# sourceURL=https:\/\/m8.mech.pk.edu.pl\/wp-includes\/js\/wp-embed.min.js\n\/* ]]> *\/\n<\/script>\n","thumbnail_url":"https:\/\/m8.mech.pk.edu.pl\/wp-content\/uploads\/2021\/04\/proj-wagon2.jpg","thumbnail_width":1219,"thumbnail_height":791,"description":"Z wielk\u0105 przyjemno\u015bci\u0105 informujemy, \u017ce projekt in\u017cynierski Pana Piotra Cebuli pt.: &#8222;Koncepcja wagonu sypialnego\u201d, zosta\u0142 nagrodzony w konkursie \u201eProjekty wzornicze nowych poci\u0105g\u00f3w klasy Intercity oraz koncepcje us\u0142ug \u015bwiadczonych w czasie podr\u00f3\u017cy\u201d, zorganizowanym przez firmy: PESA Bydgoszcz SA i PKP INTERCITY SA. Konkurs skierowany by\u0142 do m\u0142odych projektant\u00f3w i mia\u0142 na celu wy\u0142onienie najlepszych projekt\u00f3w spe\u0142niaj\u0105cych [&hellip;]"}